{"id":8040,"date":"2017-04-06T08:43:58","date_gmt":"2017-04-06T08:43:58","guid":{"rendered":"https:\/\/www.fincaelcercado.com\/prensa\/"},"modified":"2024-02-02T11:07:32","modified_gmt":"2024-02-02T11:07:32","slug":"press","status":"publish","type":"page","link":"https:\/\/www.fincaelcercado.com\/en\/press\/","title":{"rendered":"Press"},"content":{"rendered":"\t\t<div data-elementor-type=\"wp-page\" data-elementor-id=\"8040\" class=\"elementor elementor-8040\" data-elementor-post-type=\"page\">\n\t\t\t\t\t\t<section class=\"elementor-section elementor-top-section elementor-element elementor-element-f8d9c1b elementor-section-boxed elementor-section-height-default elementor-section-height-default\" data-id=\"f8d9c1b\" data-element_type=\"section\" data-settings=\"{&quot;background_background&quot;:&quot;classic&quot;}\">\n\t\t\t\t\t\t<div class=\"elementor-container elementor-column-gap-default\">\n\t\t\t\t\t<div class=\"elementor-column elementor-col-100 elementor-top-column elementor-element elementor-element-17b2b05\" data-id=\"17b2b05\" data-element_type=\"column\">\n\t\t\t<div class=\"elementor-widget-wrap elementor-element-populated\">\n\t\t\t\t\t\t<div class=\"elementor-element elementor-element-f7e3423 elementor-widget elementor-widget-heading\" data-id=\"f7e3423\" data-element_type=\"widget\" data-widget_type=\"heading.default\">\n\t\t\t\t<div class=\"elementor-widget-container\">\n\t\t\t<style>\/*! elementor - v3.19.0 - 07-02-2024 *\/\n.elementor-heading-title{padding:0;margin:0;line-height:1}.elementor-widget-heading .elementor-heading-title[class*=elementor-size-]>a{color:inherit;font-size:inherit;line-height:inherit}.elementor-widget-heading .elementor-heading-title.elementor-size-small{font-size:15px}.elementor-widget-heading .elementor-heading-title.elementor-size-medium{font-size:19px}.elementor-widget-heading .elementor-heading-title.elementor-size-large{font-size:29px}.elementor-widget-heading .elementor-heading-title.elementor-size-xl{font-size:39px}.elementor-widget-heading .elementor-heading-title.elementor-size-xxl{font-size:59px}<\/style><h2 class=\"elementor-heading-title elementor-size-default\">Press<\/h2>\t\t<\/div>\n\t\t\t\t<\/div>\n\t\t\t\t\t<\/div>\n\t\t<\/div>\n\t\t\t\t\t<\/div>\n\t\t<\/section>\n\t\t\t\t<section class=\"elementor-section elementor-top-section elementor-element elementor-element-3db8393 elementor-section-boxed elementor-section-height-default elementor-section-height-default\" data-id=\"3db8393\" data-element_type=\"section\">\n\t\t\t\t\t\t<div class=\"elementor-container elementor-column-gap-default\">\n\t\t\t\t\t<div class=\"elementor-column elementor-col-33 elementor-top-column elementor-element elementor-element-5a17ab2\" data-id=\"5a17ab2\" data-element_type=\"column\">\n\t\t\t<div class=\"elementor-widget-wrap elementor-element-populated\">\n\t\t\t\t\t\t<div class=\"elementor-element elementor-element-808ec94 elementor-widget elementor-widget-image\" data-id=\"808ec94\" data-element_type=\"widget\" data-widget_type=\"image.default\">\n\t\t\t\t<div class=\"elementor-widget-container\">\n\t\t\t<style>\/*! elementor - v3.19.0 - 07-02-2024 *\/\n.elementor-widget-image{text-align:center}.elementor-widget-image a{display:inline-block}.elementor-widget-image a img[src$=\".svg\"]{width:48px}.elementor-widget-image img{vertical-align:middle;display:inline-block}<\/style>\t\t\t\t\t\t\t\t\t\t\t<a href=\"https:\/\/mascastillayleon.com\/2023\/12\/29\/visita-en-finca-el-cercado-palencia\" target=\"_blank\" rel=\"nofollow noopener\">\n\t\t\t\t\t\t\t<img fetchpriority=\"high\" decoding=\"async\" width=\"768\" height=\"513\" src=\"https:\/\/www.fincaelcercado.com\/wp-content\/uploads\/1-General-view-768x513.jpg\" class=\"attachment-medium_large size-medium_large wp-image-12693\" alt=\"\" srcset=\"https:\/\/www.fincaelcercado.com\/wp-content\/uploads\/1-General-view-768x513.jpg 768w, https:\/\/www.fincaelcercado.com\/wp-content\/uploads\/1-General-view-413x276.jpg 413w, https:\/\/www.fincaelcercado.com\/wp-content\/uploads\/1-General-view-1024x683.jpg 1024w, https:\/\/www.fincaelcercado.com\/wp-content\/uploads\/1-General-view-1536x1025.jpg 1536w, https:\/\/www.fincaelcercado.com\/wp-content\/uploads\/1-General-view.jpg 1840w\" sizes=\"(max-width: 768px) 100vw, 768px\" \/>\t\t\t\t\t\t\t\t<\/a>\n\t\t\t\t\t\t\t\t\t\t\t\t\t<\/div>\n\t\t\t\t<\/div>\n\t\t\t\t\t<\/div>\n\t\t<\/div>\n\t\t\t\t<div class=\"elementor-column elementor-col-33 elementor-top-column elementor-element elementor-element-fe7a265\" data-id=\"fe7a265\" data-element_type=\"column\">\n\t\t\t<div class=\"elementor-widget-wrap elementor-element-populated\">\n\t\t\t\t\t\t<div class=\"elementor-element elementor-element-97e942c elementor-widget elementor-widget-image\" data-id=\"97e942c\" data-element_type=\"widget\" data-widget_type=\"image.default\">\n\t\t\t\t<div class=\"elementor-widget-container\">\n\t\t\t\t\t\t\t\t\t\t\t\t\t\t<a href=\"https:\/\/www.traveler.es\/articulos\/finca-el-cercado-casa-rural-baltanas-palencia-cerrato-palentino\" target=\"_blank\" rel=\"nofollow noopener\">\n\t\t\t\t\t\t\t<img decoding=\"async\" width=\"768\" height=\"768\" src=\"https:\/\/www.fincaelcercado.com\/wp-content\/uploads\/Cercado-Traveler-768x768.jpg\" class=\"attachment-medium_large size-medium_large wp-image-12737\" alt=\"\" srcset=\"https:\/\/www.fincaelcercado.com\/wp-content\/uploads\/Cercado-Traveler-768x768.jpg 768w, https:\/\/www.fincaelcercado.com\/wp-content\/uploads\/Cercado-Traveler-413x413.jpg 413w, https:\/\/www.fincaelcercado.com\/wp-content\/uploads\/Cercado-Traveler-150x150.jpg 150w, https:\/\/www.fincaelcercado.com\/wp-content\/uploads\/Cercado-Traveler.jpg 1000w\" sizes=\"(max-width: 768px) 100vw, 768px\" \/>\t\t\t\t\t\t\t\t<\/a>\n\t\t\t\t\t\t\t\t\t\t\t\t\t<\/div>\n\t\t\t\t<\/div>\n\t\t\t\t\t<\/div>\n\t\t<\/div>\n\t\t\t\t<div class=\"elementor-column elementor-col-33 elementor-top-column elementor-element elementor-element-44236e7\" data-id=\"44236e7\" data-element_type=\"column\">\n\t\t\t<div class=\"elementor-widget-wrap\">\n\t\t\t\t\t\t\t<\/div>\n\t\t<\/div>\n\t\t\t\t\t<\/div>\n\t\t<\/section>\n\t\t\t\t<section class=\"elementor-section elementor-top-section elementor-element elementor-element-9c04a92 elementor-section-boxed elementor-section-height-default elementor-section-height-default\" data-id=\"9c04a92\" data-element_type=\"section\">\n\t\t\t\t\t\t<div class=\"elementor-container elementor-column-gap-default\">\n\t\t\t\t\t<div class=\"elementor-column elementor-col-33 elementor-top-column elementor-element elementor-element-08d45d7\" data-id=\"08d45d7\" data-element_type=\"column\">\n\t\t\t<div class=\"elementor-widget-wrap elementor-element-populated\">\n\t\t\t\t\t\t<div class=\"elementor-element elementor-element-0b6f817 elementor-widget elementor-widget-heading\" data-id=\"0b6f817\" data-element_type=\"widget\" data-widget_type=\"heading.default\">\n\t\t\t\t<div class=\"elementor-widget-container\">\n\t\t\t<h2 class=\"elementor-heading-title elementor-size-default\">Revista M\u00e1s Castilla y Le\u00f3n<\/h2>\t\t<\/div>\n\t\t\t\t<\/div>\n\t\t\t\t<div class=\"elementor-element elementor-element-fb692c3 elementor-widget elementor-widget-text-editor\" data-id=\"fb692c3\" data-element_type=\"widget\" data-widget_type=\"text-editor.default\">\n\t\t\t\t<div class=\"elementor-widget-container\">\n\t\t\t<style>\/*! elementor - v3.19.0 - 07-02-2024 *\/\n.elementor-widget-text-editor.elementor-drop-cap-view-stacked .elementor-drop-cap{background-color:#69727d;color:#fff}.elementor-widget-text-editor.elementor-drop-cap-view-framed .elementor-drop-cap{color:#69727d;border:3px solid;background-color:transparent}.elementor-widget-text-editor:not(.elementor-drop-cap-view-default) .elementor-drop-cap{margin-top:8px}.elementor-widget-text-editor:not(.elementor-drop-cap-view-default) .elementor-drop-cap-letter{width:1em;height:1em}.elementor-widget-text-editor .elementor-drop-cap{float:left;text-align:center;line-height:1;font-size:50px}.elementor-widget-text-editor .elementor-drop-cap-letter{display:inline-block}<\/style>\t\t\t\t<p class=\"vc_custom_heading\">Una visita a Finca El Cercado<\/p>\t\t\t\t\t\t<\/div>\n\t\t\t\t<\/div>\n\t\t\t\t\t<\/div>\n\t\t<\/div>\n\t\t\t\t<div class=\"elementor-column elementor-col-33 elementor-top-column elementor-element elementor-element-427c2da\" data-id=\"427c2da\" data-element_type=\"column\">\n\t\t\t<div class=\"elementor-widget-wrap elementor-element-populated\">\n\t\t\t\t\t\t<div class=\"elementor-element elementor-element-d99d679 elementor-widget elementor-widget-heading\" data-id=\"d99d679\" data-element_type=\"widget\" data-widget_type=\"heading.default\">\n\t\t\t\t<div class=\"elementor-widget-container\">\n\t\t\t<h2 class=\"elementor-heading-title elementor-size-default\">Cond\u00e9 Nast Traveler<\/h2>\t\t<\/div>\n\t\t\t\t<\/div>\n\t\t\t\t<div class=\"elementor-element elementor-element-4bb9a69 elementor-widget elementor-widget-text-editor\" data-id=\"4bb9a69\" data-element_type=\"widget\" data-widget_type=\"text-editor.default\">\n\t\t\t\t<div class=\"elementor-widget-container\">\n\t\t\t\t\t\t\t<p class=\"vc_custom_heading\">Finca El Cercado: una buc\u00f3lica casa rural entre los campos cerealistas del Cerrato Palentino<\/p>\t\t\t\t\t\t<\/div>\n\t\t\t\t<\/div>\n\t\t\t\t\t<\/div>\n\t\t<\/div>\n\t\t\t\t<div class=\"elementor-column elementor-col-33 elementor-top-column elementor-element elementor-element-b6199bf\" data-id=\"b6199bf\" data-element_type=\"column\">\n\t\t\t<div class=\"elementor-widget-wrap\">\n\t\t\t\t\t\t\t<\/div>\n\t\t<\/div>\n\t\t\t\t\t<\/div>\n\t\t<\/section>\n\t\t\t\t<section class=\"elementor-section elementor-top-section elementor-element elementor-element-9b460a2 elementor-section-boxed elementor-section-height-default elementor-section-height-default\" data-id=\"9b460a2\" data-element_type=\"section\">\n\t\t\t\t\t\t<div class=\"elementor-container elementor-column-gap-default\">\n\t\t\t\t\t<div class=\"elementor-column elementor-col-33 elementor-top-column elementor-element elementor-element-0f22b21\" data-id=\"0f22b21\" data-element_type=\"column\">\n\t\t\t<div class=\"elementor-widget-wrap elementor-element-populated\">\n\t\t\t\t\t\t<div class=\"elementor-element elementor-element-3d43353 elementor-widget elementor-widget-video\" data-id=\"3d43353\" data-element_type=\"widget\" data-settings=\"{&quot;youtube_url&quot;:&quot;https:\\\/\\\/youtu.be\\\/tQ-CZd4dWaA&quot;,&quot;video_type&quot;:&quot;youtube&quot;,&quot;controls&quot;:&quot;yes&quot;}\" data-widget_type=\"video.default\">\n\t\t\t\t<div class=\"elementor-widget-container\">\n\t\t\t<style>\/*! elementor - v3.19.0 - 07-02-2024 *\/\n.elementor-widget-video .elementor-widget-container{overflow:hidden;transform:translateZ(0)}.elementor-widget-video .elementor-wrapper{aspect-ratio:var(--video-aspect-ratio)}.elementor-widget-video .elementor-wrapper iframe,.elementor-widget-video .elementor-wrapper video{height:100%;width:100%;display:flex;border:none;background-color:#000}@supports not (aspect-ratio:1\/1){.elementor-widget-video .elementor-wrapper{position:relative;overflow:hidden;height:0;padding-bottom:calc(100% \/ var(--video-aspect-ratio))}.elementor-widget-video .elementor-wrapper iframe,.elementor-widget-video .elementor-wrapper video{position:absolute;top:0;right:0;bottom:0;left:0}}.elementor-widget-video .elementor-open-inline .elementor-custom-embed-image-overlay{position:absolute;top:0;right:0;bottom:0;left:0;background-size:cover;background-position:50%}.elementor-widget-video .elementor-custom-embed-image-overlay{cursor:pointer;text-align:center}.elementor-widget-video .elementor-custom-embed-image-overlay:hover .elementor-custom-embed-play i{opacity:1}.elementor-widget-video .elementor-custom-embed-image-overlay img{display:block;width:100%;aspect-ratio:var(--video-aspect-ratio);-o-object-fit:cover;object-fit:cover;-o-object-position:center center;object-position:center center}@supports not (aspect-ratio:1\/1){.elementor-widget-video .elementor-custom-embed-image-overlay{position:relative;overflow:hidden;height:0;padding-bottom:calc(100% \/ var(--video-aspect-ratio))}.elementor-widget-video .elementor-custom-embed-image-overlay img{position:absolute;top:0;right:0;bottom:0;left:0}}.elementor-widget-video .e-hosted-video .elementor-video{-o-object-fit:cover;object-fit:cover}.e-con-inner>.elementor-widget-video,.e-con>.elementor-widget-video{width:var(--container-widget-width);--flex-grow:var(--container-widget-flex-grow)}<\/style>\t\t<div class=\"elementor-wrapper elementor-open-inline\">\n\t\t\t<div class=\"elementor-video\"><\/div>\t\t<\/div>\n\t\t\t\t<\/div>\n\t\t\t\t<\/div>\n\t\t\t\t<div class=\"elementor-element elementor-element-8cfd9e3 elementor-widget elementor-widget-heading\" data-id=\"8cfd9e3\" data-element_type=\"widget\" data-widget_type=\"heading.default\">\n\t\t\t\t<div class=\"elementor-widget-container\">\n\t\t\t<h2 class=\"elementor-heading-title elementor-size-default\">Radio El Picaporte<\/h2>\t\t<\/div>\n\t\t\t\t<\/div>\n\t\t\t\t<div class=\"elementor-element elementor-element-4f23dda elementor-widget elementor-widget-text-editor\" data-id=\"4f23dda\" data-element_type=\"widget\" data-widget_type=\"text-editor.default\">\n\t\t\t\t<div class=\"elementor-widget-container\">\n\t\t\t\t\t\t\t<p>Experiencias de Astroturismo<\/p><p>&#8220;Los Cielos de Castilla&#8221;<\/p>\t\t\t\t\t\t<\/div>\n\t\t\t\t<\/div>\n\t\t\t\t\t<\/div>\n\t\t<\/div>\n\t\t\t\t<div class=\"elementor-column elementor-col-33 elementor-top-column elementor-element elementor-element-6f6356e\" data-id=\"6f6356e\" data-element_type=\"column\">\n\t\t\t<div class=\"elementor-widget-wrap elementor-element-populated\">\n\t\t\t\t\t\t<div class=\"elementor-element elementor-element-fcdad76 elementor-widget elementor-widget-image\" data-id=\"fcdad76\" data-element_type=\"widget\" data-widget_type=\"image.default\">\n\t\t\t\t<div class=\"elementor-widget-container\">\n\t\t\t\t\t\t\t\t\t\t\t\t\t\t<a href=\"https:\/\/www.elblogdegastromadrid.com\/mejores-casas-rurales-con-encanto-castilla-y-leon-2023\" target=\"_blank\" rel=\"nofollow noopener\">\n\t\t\t\t\t\t\t<img decoding=\"async\" width=\"768\" height=\"512\" src=\"https:\/\/www.fincaelcercado.com\/wp-content\/uploads\/28-GH-Living-room-768x512.jpg\" class=\"attachment-medium_large size-medium_large wp-image-9539\" alt=\"\" srcset=\"https:\/\/www.fincaelcercado.com\/wp-content\/uploads\/28-GH-Living-room-768x512.jpg 768w, https:\/\/www.fincaelcercado.com\/wp-content\/uploads\/28-GH-Living-room.jpg 900w\" sizes=\"(max-width: 768px) 100vw, 768px\" \/>\t\t\t\t\t\t\t\t<\/a>\n\t\t\t\t\t\t\t\t\t\t\t\t\t<\/div>\n\t\t\t\t<\/div>\n\t\t\t\t<div class=\"elementor-element elementor-element-b03998e elementor-widget elementor-widget-heading\" data-id=\"b03998e\" data-element_type=\"widget\" data-widget_type=\"heading.default\">\n\t\t\t\t<div class=\"elementor-widget-container\">\n\t\t\t<h2 class=\"elementor-heading-title elementor-size-default\">Gastro Madrid<\/h2>\t\t<\/div>\n\t\t\t\t<\/div>\n\t\t\t\t<div class=\"elementor-element elementor-element-e718a61 elementor-widget elementor-widget-text-editor\" data-id=\"e718a61\" data-element_type=\"widget\" data-widget_type=\"text-editor.default\">\n\t\t\t\t<div class=\"elementor-widget-container\">\n\t\t\t\t\t\t\t<p class=\"vc_custom_heading\">Las mejores casas rurales con encanto de Castilla y Le\u00f3n<\/p>\t\t\t\t\t\t<\/div>\n\t\t\t\t<\/div>\n\t\t\t\t\t<\/div>\n\t\t<\/div>\n\t\t\t\t<div class=\"elementor-column elementor-col-33 elementor-top-column elementor-element elementor-element-b029b09\" data-id=\"b029b09\" data-element_type=\"column\">\n\t\t\t<div class=\"elementor-widget-wrap elementor-element-populated\">\n\t\t\t\t\t\t<div class=\"elementor-element elementor-element-bcd6db2 elementor-widget elementor-widget-video\" data-id=\"bcd6db2\" data-element_type=\"widget\" data-settings=\"{&quot;youtube_url&quot;:&quot;https:\\\/\\\/youtu.be\\\/AH9QTdktxLA&quot;,&quot;lazy_load&quot;:&quot;yes&quot;,&quot;video_type&quot;:&quot;youtube&quot;,&quot;controls&quot;:&quot;yes&quot;}\" data-widget_type=\"video.default\">\n\t\t\t\t<div class=\"elementor-widget-container\">\n\t\t\t\t\t<div class=\"elementor-wrapper elementor-open-inline\">\n\t\t\t<div class=\"elementor-video\"><\/div>\t\t<\/div>\n\t\t\t\t<\/div>\n\t\t\t\t<\/div>\n\t\t\t\t<div class=\"elementor-element elementor-element-38555c6 elementor-widget elementor-widget-heading\" data-id=\"38555c6\" data-element_type=\"widget\" data-widget_type=\"heading.default\">\n\t\t\t\t<div class=\"elementor-widget-container\">\n\t\t\t<h2 class=\"elementor-heading-title elementor-size-default\">Castilla y Le\u00f3n TV<\/h2>\t\t<\/div>\n\t\t\t\t<\/div>\n\t\t\t\t<div class=\"elementor-element elementor-element-3b57e97 elementor-widget elementor-widget-text-editor\" data-id=\"3b57e97\" data-element_type=\"widget\" data-widget_type=\"text-editor.default\">\n\t\t\t\t<div class=\"elementor-widget-container\">\n\t\t\t\t\t\t\t<p>Entrevista<\/p>\t\t\t\t\t\t<\/div>\n\t\t\t\t<\/div>\n\t\t\t\t\t<\/div>\n\t\t<\/div>\n\t\t\t\t\t<\/div>\n\t\t<\/section>\n\t\t\t\t<section class=\"elementor-section elementor-top-section elementor-element elementor-element-0da09d9 elementor-section-boxed elementor-section-height-default elementor-section-height-default\" data-id=\"0da09d9\" data-element_type=\"section\">\n\t\t\t\t\t\t<div class=\"elementor-container elementor-column-gap-default\">\n\t\t\t\t\t<div class=\"elementor-column elementor-col-33 elementor-top-column elementor-element elementor-element-8f12114\" data-id=\"8f12114\" data-element_type=\"column\">\n\t\t\t<div class=\"elementor-widget-wrap elementor-element-populated\">\n\t\t\t\t\t\t<div class=\"elementor-element elementor-element-111eea4 elementor-widget elementor-widget-image\" data-id=\"111eea4\" data-element_type=\"widget\" data-widget_type=\"image.default\">\n\t\t\t\t<div class=\"elementor-widget-container\">\n\t\t\t\t\t\t\t\t\t\t\t\t\t\t<a href=\"https:\/\/www.elnortedecastilla.es\/palencia\/presidenta-diputacion-ensalza-20221015223458-nt.html#comments\" target=\"_blank\" rel=\"nofollow noopener\">\n\t\t\t\t\t\t\t<img loading=\"lazy\" decoding=\"async\" width=\"768\" height=\"544\" src=\"https:\/\/www.fincaelcercado.com\/wp-content\/uploads\/1665835326528-1-768x544.jpeg\" class=\"attachment-medium_large size-medium_large wp-image-9811\" alt=\"Entrevista El Norte de Castilla\" srcset=\"https:\/\/www.fincaelcercado.com\/wp-content\/uploads\/1665835326528-1-768x544.jpeg 768w, https:\/\/www.fincaelcercado.com\/wp-content\/uploads\/elementor\/thumbs\/1665835326528-1-pwj5sl8bl7tw3p6xq2qa6msm2u35bu3yi6bw86uxjm.jpeg 300w, https:\/\/www.fincaelcercado.com\/wp-content\/uploads\/1665835326528-1.jpeg 1374w\" sizes=\"(max-width: 768px) 100vw, 768px\" \/>\t\t\t\t\t\t\t\t<\/a>\n\t\t\t\t\t\t\t\t\t\t\t\t\t<\/div>\n\t\t\t\t<\/div>\n\t\t\t\t<div class=\"elementor-element elementor-element-cb3675a elementor-widget elementor-widget-heading\" data-id=\"cb3675a\" data-element_type=\"widget\" data-widget_type=\"heading.default\">\n\t\t\t\t<div class=\"elementor-widget-container\">\n\t\t\t<h2 class=\"elementor-heading-title elementor-size-default\">Castilla y Le\u00f3n TV<\/h2>\t\t<\/div>\n\t\t\t\t<\/div>\n\t\t\t\t<div class=\"elementor-element elementor-element-d613c41 elementor-widget elementor-widget-text-editor\" data-id=\"d613c41\" data-element_type=\"widget\" data-widget_type=\"text-editor.default\">\n\t\t\t\t<div class=\"elementor-widget-container\">\n\t\t\t\t\t\t\t<p class=\"vc_custom_heading\">El D\u00eda de la Provincia se celebra en Finca El Cercado<\/p>\t\t\t\t\t\t<\/div>\n\t\t\t\t<\/div>\n\t\t\t\t\t<\/div>\n\t\t<\/div>\n\t\t\t\t<div class=\"elementor-column elementor-col-33 elementor-top-column elementor-element elementor-element-0dc64ee\" data-id=\"0dc64ee\" data-element_type=\"column\">\n\t\t\t<div class=\"elementor-widget-wrap elementor-element-populated\">\n\t\t\t\t\t\t<div class=\"elementor-element elementor-element-87c82c7 elementor-widget elementor-widget-image\" data-id=\"87c82c7\" data-element_type=\"widget\" data-widget_type=\"image.default\">\n\t\t\t\t<div class=\"elementor-widget-container\">\n\t\t\t\t\t\t\t\t\t\t\t\t\t\t<a href=\"https:\/\/www.diariopalentino.es\/media\/IMG\/2022\/A4B568C8-C333-D3BF-525A28375CBDFBEE.webp\" target=\"_blank\" rel=\"nofollow noopener\">\n\t\t\t\t\t\t\t<img decoding=\"async\" src=\"https:\/\/www.fincaelcercado.com\/wp-content\/uploads\/elementor\/thumbs\/A4B568C8-C333-D3BF-525A28375CBDFBEE-1-pwj56h30sjk0xzbdv0la0pp6xh3987bb4prmqtndxu.webp\" title=\"A4B568C8-C333-D3BF-525A28375CBDFBEE\" alt=\"El Diario Palentino\" loading=\"lazy\" \/>\t\t\t\t\t\t\t\t<\/a>\n\t\t\t\t\t\t\t\t\t\t\t\t\t<\/div>\n\t\t\t\t<\/div>\n\t\t\t\t<div class=\"elementor-element elementor-element-01557bd elementor-widget elementor-widget-heading\" data-id=\"01557bd\" data-element_type=\"widget\" data-widget_type=\"heading.default\">\n\t\t\t\t<div class=\"elementor-widget-container\">\n\t\t\t<h2 class=\"elementor-heading-title elementor-size-default\">El Diario Palentino<\/h2>\t\t<\/div>\n\t\t\t\t<\/div>\n\t\t\t\t<div class=\"elementor-element elementor-element-cfebd49 elementor-widget elementor-widget-text-editor\" data-id=\"cfebd49\" data-element_type=\"widget\" data-widget_type=\"text-editor.default\">\n\t\t\t\t<div class=\"elementor-widget-container\">\n\t\t\t\t\t\t\t<p class=\"vc_custom_heading\">La Presidenta ensalza el medio rural D\u00eda de la Provincia en Finca El Cercado<\/p>\t\t\t\t\t\t<\/div>\n\t\t\t\t<\/div>\n\t\t\t\t\t<\/div>\n\t\t<\/div>\n\t\t\t\t<div class=\"elementor-column elementor-col-33 elementor-top-column elementor-element elementor-element-3b1846f\" data-id=\"3b1846f\" data-element_type=\"column\">\n\t\t\t<div class=\"elementor-widget-wrap elementor-element-populated\">\n\t\t\t\t\t\t<div class=\"elementor-element elementor-element-c87583f elementor-widget elementor-widget-image\" data-id=\"c87583f\" data-element_type=\"widget\" data-widget_type=\"image.default\">\n\t\t\t\t<div class=\"elementor-widget-container\">\n\t\t\t\t\t\t\t\t\t\t\t\t\t\t<a href=\"https:\/\/www.elnortedecastilla.es\/degustacastillayleon\/vino-estrellas-maridan-20220617205505-nt.html\" target=\"_blank\" rel=\"nofollow noopener\">\n\t\t\t\t\t\t\t<img loading=\"lazy\" decoding=\"async\" width=\"768\" height=\"512\" src=\"https:\/\/www.fincaelcercado.com\/wp-content\/uploads\/estrellas-1-768x512.jpg\" class=\"attachment-medium_large size-medium_large wp-image-9417\" alt=\"\" srcset=\"https:\/\/www.fincaelcercado.com\/wp-content\/uploads\/estrellas-1-768x512.jpg 768w, https:\/\/www.fincaelcercado.com\/wp-content\/uploads\/estrellas-1.jpg 1200w\" sizes=\"(max-width: 768px) 100vw, 768px\" \/>\t\t\t\t\t\t\t\t<\/a>\n\t\t\t\t\t\t\t\t\t\t\t\t\t<\/div>\n\t\t\t\t<\/div>\n\t\t\t\t<div class=\"elementor-element elementor-element-6b7e8f8 elementor-widget elementor-widget-heading\" data-id=\"6b7e8f8\" data-element_type=\"widget\" data-widget_type=\"heading.default\">\n\t\t\t\t<div class=\"elementor-widget-container\">\n\t\t\t<h2 class=\"elementor-heading-title elementor-size-default\">Degusta-El Norte de Castilla<\/h2>\t\t<\/div>\n\t\t\t\t<\/div>\n\t\t\t\t<div class=\"elementor-element elementor-element-40f7697 elementor-widget elementor-widget-text-editor\" data-id=\"40f7697\" data-element_type=\"widget\" data-widget_type=\"text-editor.default\">\n\t\t\t\t<div class=\"elementor-widget-container\">\n\t\t\t\t\t\t\t<p class=\"vc_custom_heading\">Vino y Estrellas maridan en la noche de San Juan<\/p>\t\t\t\t\t\t<\/div>\n\t\t\t\t<\/div>\n\t\t\t\t\t<\/div>\n\t\t<\/div>\n\t\t\t\t\t<\/div>\n\t\t<\/section>\n\t\t\t\t<section class=\"elementor-section elementor-top-section elementor-element elementor-element-b4d44c7 elementor-section-boxed elementor-section-height-default elementor-section-height-default\" data-id=\"b4d44c7\" data-element_type=\"section\">\n\t\t\t\t\t\t<div class=\"elementor-container elementor-column-gap-default\">\n\t\t\t\t\t<div class=\"elementor-column elementor-col-33 elementor-top-column elementor-element elementor-element-2c6a64f\" data-id=\"2c6a64f\" data-element_type=\"column\">\n\t\t\t<div class=\"elementor-widget-wrap elementor-element-populated\">\n\t\t\t\t\t\t<div class=\"elementor-element elementor-element-fba3726 elementor-widget elementor-widget-image\" data-id=\"fba3726\" data-element_type=\"widget\" data-widget_type=\"image.default\">\n\t\t\t\t<div class=\"elementor-widget-container\">\n\t\t\t\t\t\t\t\t\t\t\t\t\t\t<a href=\"https:\/\/sobremesa.es\/art\/5514\/cerrato-palentino-que-hacer-comer-visitar-bodegas-vinos-vermut-quesos\" target=\"_blank\" rel=\"nofollow noopener\">\n\t\t\t\t\t\t\t<img loading=\"lazy\" decoding=\"async\" width=\"768\" height=\"343\" src=\"https:\/\/www.fincaelcercado.com\/wp-content\/uploads\/4575_vinedo-cerrato-palentino-768x343.jpeg\" class=\"attachment-medium_large size-medium_large wp-image-9728\" alt=\"\" srcset=\"https:\/\/www.fincaelcercado.com\/wp-content\/uploads\/4575_vinedo-cerrato-palentino-768x343.jpeg 768w, https:\/\/www.fincaelcercado.com\/wp-content\/uploads\/4575_vinedo-cerrato-palentino.jpeg 670w\" sizes=\"(max-width: 768px) 100vw, 768px\" \/>\t\t\t\t\t\t\t\t<\/a>\n\t\t\t\t\t\t\t\t\t\t\t\t\t<\/div>\n\t\t\t\t<\/div>\n\t\t\t\t<div class=\"elementor-element elementor-element-fdc5291 elementor-widget elementor-widget-heading\" data-id=\"fdc5291\" data-element_type=\"widget\" data-widget_type=\"heading.default\">\n\t\t\t\t<div class=\"elementor-widget-container\">\n\t\t\t<h2 class=\"elementor-heading-title elementor-size-default\">Sobremesa<\/h2>\t\t<\/div>\n\t\t\t\t<\/div>\n\t\t\t\t<div class=\"elementor-element elementor-element-870f3d0 elementor-widget elementor-widget-text-editor\" data-id=\"870f3d0\" data-element_type=\"widget\" data-widget_type=\"text-editor.default\">\n\t\t\t\t<div class=\"elementor-widget-container\">\n\t\t\t\t\t\t\t<p class=\"vc_custom_heading\">El Cerrato Palentino, un laberinto para perderse entre bodegas, quesos y vermut<\/p>\t\t\t\t\t\t<\/div>\n\t\t\t\t<\/div>\n\t\t\t\t\t<\/div>\n\t\t<\/div>\n\t\t\t\t<div class=\"elementor-column elementor-col-33 elementor-top-column elementor-element elementor-element-d39a1ed\" data-id=\"d39a1ed\" data-element_type=\"column\">\n\t\t\t<div class=\"elementor-widget-wrap elementor-element-populated\">\n\t\t\t\t\t\t<div class=\"elementor-element elementor-element-22ad9f5 elementor-widget elementor-widget-image\" data-id=\"22ad9f5\" data-element_type=\"widget\" data-widget_type=\"image.default\">\n\t\t\t\t<div class=\"elementor-widget-container\">\n\t\t\t\t\t\t\t\t\t\t\t\t\t\t<a href=\"https:\/\/sobremesa.es\/art\/5514\/cerrato-palentino-que-hacer-comer-visitar-bodegas-vinos-vermut-quesos\" target=\"_blank\" rel=\"nofollow noopener\">\n\t\t\t\t\t\t\t<img decoding=\"async\" src=\"https:\/\/www.fincaelcercado.com\/wp-content\/uploads\/elementor\/thumbs\/Destino-CyL-foto-pox4blop5yot3sj630i9urfd9jo724hlaaqx1fnxaq.jpeg\" title=\"Destino CyL foto\" alt=\"Destino CyL foto\" loading=\"lazy\" \/>\t\t\t\t\t\t\t\t<\/a>\n\t\t\t\t\t\t\t\t\t\t\t\t\t<\/div>\n\t\t\t\t<\/div>\n\t\t\t\t<div class=\"elementor-element elementor-element-981afb6 elementor-widget elementor-widget-heading\" data-id=\"981afb6\" data-element_type=\"widget\" data-widget_type=\"heading.default\">\n\t\t\t\t<div class=\"elementor-widget-container\">\n\t\t\t<h2 class=\"elementor-heading-title elementor-size-default\">Destino Castilla y Le\u00f3n<\/h2>\t\t<\/div>\n\t\t\t\t<\/div>\n\t\t\t\t<div class=\"elementor-element elementor-element-80ee627 elementor-widget elementor-widget-text-editor\" data-id=\"80ee627\" data-element_type=\"widget\" data-widget_type=\"text-editor.default\">\n\t\t\t\t<div class=\"elementor-widget-container\">\n\t\t\t\t\t\t\t<p class=\"vc_custom_heading\">Enoturismo en el Cerrato Palentino, \u00a1un viaje al sabor de lo aut\u00e9ntico!<\/p>\t\t\t\t\t\t<\/div>\n\t\t\t\t<\/div>\n\t\t\t\t\t<\/div>\n\t\t<\/div>\n\t\t\t\t<div class=\"elementor-column elementor-col-33 elementor-top-column elementor-element elementor-element-b05e648\" data-id=\"b05e648\" data-element_type=\"column\">\n\t\t\t<div class=\"elementor-widget-wrap elementor-element-populated\">\n\t\t\t\t\t\t<div class=\"elementor-element elementor-element-1d2d1e3 elementor-widget elementor-widget-image\" data-id=\"1d2d1e3\" data-element_type=\"widget\" data-widget_type=\"image.default\">\n\t\t\t\t<div class=\"elementor-widget-container\">\n\t\t\t\t\t\t\t\t\t\t\t\t\t\t<a href=\"https:\/\/www.directoalpaladar.com\/restaurantes\/48-horas-cerrato-palentino-naturaleza-barrios-bodega-castilla-sorprendente\" target=\"_blank\" rel=\"nofollow noopener\">\n\t\t\t\t\t\t\t<img loading=\"lazy\" decoding=\"async\" width=\"768\" height=\"512\" src=\"https:\/\/www.fincaelcercado.com\/wp-content\/uploads\/1366_2000-768x512.jpg\" class=\"attachment-medium_large size-medium_large wp-image-9320\" alt=\"\" srcset=\"https:\/\/www.fincaelcercado.com\/wp-content\/uploads\/1366_2000-768x512.jpg 768w, https:\/\/www.fincaelcercado.com\/wp-content\/uploads\/1366_2000.jpg 1366w\" sizes=\"(max-width: 768px) 100vw, 768px\" \/>\t\t\t\t\t\t\t\t<\/a>\n\t\t\t\t\t\t\t\t\t\t\t\t\t<\/div>\n\t\t\t\t<\/div>\n\t\t\t\t<div class=\"elementor-element elementor-element-b0bdce3 elementor-widget elementor-widget-heading\" data-id=\"b0bdce3\" data-element_type=\"widget\" data-widget_type=\"heading.default\">\n\t\t\t\t<div class=\"elementor-widget-container\">\n\t\t\t<h2 class=\"elementor-heading-title elementor-size-default\">Directo al Paladar<\/h2>\t\t<\/div>\n\t\t\t\t<\/div>\n\t\t\t\t<div class=\"elementor-element elementor-element-e62e929 elementor-widget elementor-widget-text-editor\" data-id=\"e62e929\" data-element_type=\"widget\" data-widget_type=\"text-editor.default\">\n\t\t\t\t<div class=\"elementor-widget-container\">\n\t\t\t\t\t\t\t<p class=\"vc_custom_heading\">48 horas en el Cerrato Palentino<\/p>\t\t\t\t\t\t<\/div>\n\t\t\t\t<\/div>\n\t\t\t\t\t<\/div>\n\t\t<\/div>\n\t\t\t\t\t<\/div>\n\t\t<\/section>\n\t\t\t\t<section class=\"elementor-section elementor-top-section elementor-element elementor-element-878d827 elementor-section-boxed elementor-section-height-default elementor-section-height-default\" data-id=\"878d827\" data-element_type=\"section\">\n\t\t\t\t\t\t<div class=\"elementor-container elementor-column-gap-default\">\n\t\t\t\t\t<div class=\"elementor-column elementor-col-33 elementor-top-column elementor-element elementor-element-6ea8628\" data-id=\"6ea8628\" data-element_type=\"column\">\n\t\t\t<div class=\"elementor-widget-wrap elementor-element-populated\">\n\t\t\t\t\t\t<div class=\"elementor-element elementor-element-6ccc2a9 elementor-widget elementor-widget-video\" data-id=\"6ccc2a9\" data-element_type=\"widget\" data-settings=\"{&quot;youtube_url&quot;:&quot;https:\\\/\\\/youtu.be\\\/-0FPk-Orvfc&quot;,&quot;lazy_load&quot;:&quot;yes&quot;,&quot;video_type&quot;:&quot;youtube&quot;,&quot;controls&quot;:&quot;yes&quot;}\" data-widget_type=\"video.default\">\n\t\t\t\t<div class=\"elementor-widget-container\">\n\t\t\t\t\t<div class=\"elementor-wrapper elementor-open-inline\">\n\t\t\t<div class=\"elementor-video\"><\/div>\t\t<\/div>\n\t\t\t\t<\/div>\n\t\t\t\t<\/div>\n\t\t\t\t<div class=\"elementor-element elementor-element-7546eea elementor-widget elementor-widget-heading\" data-id=\"7546eea\" data-element_type=\"widget\" data-widget_type=\"heading.default\">\n\t\t\t\t<div class=\"elementor-widget-container\">\n\t\t\t<h2 class=\"elementor-heading-title elementor-size-default\">La 8 TV<\/h2>\t\t<\/div>\n\t\t\t\t<\/div>\n\t\t\t\t<div class=\"elementor-element elementor-element-cf6b3cc elementor-widget elementor-widget-text-editor\" data-id=\"cf6b3cc\" data-element_type=\"widget\" data-widget_type=\"text-editor.default\">\n\t\t\t\t<div class=\"elementor-widget-container\">\n\t\t\t\t\t\t\t<p class=\"vc_custom_heading\">Entrevista<\/p>\t\t\t\t\t\t<\/div>\n\t\t\t\t<\/div>\n\t\t\t\t\t<\/div>\n\t\t<\/div>\n\t\t\t\t<div class=\"elementor-column elementor-col-33 elementor-top-column elementor-element elementor-element-58fc4d2\" data-id=\"58fc4d2\" data-element_type=\"column\">\n\t\t\t<div class=\"elementor-widget-wrap elementor-element-populated\">\n\t\t\t\t\t\t<div class=\"elementor-element elementor-element-90ed1d1 elementor-widget elementor-widget-image\" data-id=\"90ed1d1\" data-element_type=\"widget\" data-widget_type=\"image.default\">\n\t\t\t\t<div class=\"elementor-widget-container\">\n\t\t\t\t\t\t\t\t\t\t\t\t\t\t<a href=\"https:\/\/www.fincaelcercado.com\/wp-content\/uploads\/carrion-julio-2018.pdf\" target=\"_blank\" rel=\"nofollow\">\n\t\t\t\t\t\t\t<img decoding=\"async\" src=\"https:\/\/www.fincaelcercado.com\/wp-content\/uploads\/elementor\/thumbs\/thumb-carriondigital-oxw4v2rb8cgkskpzesb2xtnxrzlzxtg6skpn73x5xu.jpg\" title=\"thumb-carriondigital\" alt=\"Carri\u00f3n Digital\" loading=\"lazy\" \/>\t\t\t\t\t\t\t\t<\/a>\n\t\t\t\t\t\t\t\t\t\t\t\t\t<\/div>\n\t\t\t\t<\/div>\n\t\t\t\t<div class=\"elementor-element elementor-element-4be6741 elementor-widget elementor-widget-heading\" data-id=\"4be6741\" data-element_type=\"widget\" data-widget_type=\"heading.default\">\n\t\t\t\t<div class=\"elementor-widget-container\">\n\t\t\t<h2 class=\"elementor-heading-title elementor-size-default\">Carri\u00f3n Digital<\/h2>\t\t<\/div>\n\t\t\t\t<\/div>\n\t\t\t\t<div class=\"elementor-element elementor-element-9f0bca8 elementor-widget elementor-widget-text-editor\" data-id=\"9f0bca8\" data-element_type=\"widget\" data-widget_type=\"text-editor.default\">\n\t\t\t\t<div class=\"elementor-widget-container\">\n\t\t\t\t\t\t\t<p class=\"vc_custom_heading\">Disfrutar de una gran casa familiar con total exclusividad<\/p>\t\t\t\t\t\t<\/div>\n\t\t\t\t<\/div>\n\t\t\t\t\t<\/div>\n\t\t<\/div>\n\t\t\t\t<div class=\"elementor-column elementor-col-33 elementor-top-column elementor-element elementor-element-a571040\" data-id=\"a571040\" data-element_type=\"column\">\n\t\t\t<div class=\"elementor-widget-wrap elementor-element-populated\">\n\t\t\t\t\t\t<div class=\"elementor-element elementor-element-15d9e06 elementor-widget elementor-widget-image\" data-id=\"15d9e06\" data-element_type=\"widget\" data-widget_type=\"image.default\">\n\t\t\t\t<div class=\"elementor-widget-container\">\n\t\t\t\t\t\t\t\t\t\t\t\t\t\t<a href=\"https:\/\/www.fincaelcercado.com\/wp-content\/uploads\/dp11.jpg\" target=\"_blank\" rel=\"nofollow\">\n\t\t\t\t\t\t\t<img loading=\"lazy\" decoding=\"async\" width=\"768\" height=\"536\" src=\"https:\/\/www.fincaelcercado.com\/wp-content\/uploads\/thumb-dp11octubre-768x536.jpg\" class=\"attachment-medium_large size-medium_large wp-image-8464\" alt=\"\" srcset=\"https:\/\/www.fincaelcercado.com\/wp-content\/uploads\/thumb-dp11octubre-768x536.jpg 768w, https:\/\/www.fincaelcercado.com\/wp-content\/uploads\/thumb-dp11octubre.jpg 500w\" sizes=\"(max-width: 768px) 100vw, 768px\" \/>\t\t\t\t\t\t\t\t<\/a>\n\t\t\t\t\t\t\t\t\t\t\t\t\t<\/div>\n\t\t\t\t<\/div>\n\t\t\t\t<div class=\"elementor-element elementor-element-a0f48e2 elementor-widget elementor-widget-heading\" data-id=\"a0f48e2\" data-element_type=\"widget\" data-widget_type=\"heading.default\">\n\t\t\t\t<div class=\"elementor-widget-container\">\n\t\t\t<h2 class=\"elementor-heading-title elementor-size-default\">Diario Palentino<\/h2>\t\t<\/div>\n\t\t\t\t<\/div>\n\t\t\t\t<div class=\"elementor-element elementor-element-8faa5c7 elementor-widget elementor-widget-text-editor\" data-id=\"8faa5c7\" data-element_type=\"widget\" data-widget_type=\"text-editor.default\">\n\t\t\t\t<div class=\"elementor-widget-container\">\n\t\t\t\t\t\t\t<p class=\"vc_custom_heading\">Cristina Brunet, empresaria<\/p>\t\t\t\t\t\t<\/div>\n\t\t\t\t<\/div>\n\t\t\t\t\t<\/div>\n\t\t<\/div>\n\t\t\t\t\t<\/div>\n\t\t<\/section>\n\t\t\t\t<section class=\"elementor-section elementor-top-section elementor-element elementor-element-0efbc7c elementor-section-boxed elementor-section-height-default elementor-section-height-default\" data-id=\"0efbc7c\" data-element_type=\"section\">\n\t\t\t\t\t\t<div class=\"elementor-container elementor-column-gap-default\">\n\t\t\t\t\t<div class=\"elementor-column elementor-col-33 elementor-top-column elementor-element elementor-element-212e5cb\" data-id=\"212e5cb\" data-element_type=\"column\">\n\t\t\t<div class=\"elementor-widget-wrap elementor-element-populated\">\n\t\t\t\t\t\t<div class=\"elementor-element elementor-element-cb64cdb elementor-widget elementor-widget-image\" data-id=\"cb64cdb\" data-element_type=\"widget\" data-widget_type=\"image.default\">\n\t\t\t\t<div class=\"elementor-widget-container\">\n\t\t\t\t\t\t\t\t\t\t\t\t\t\t<a href=\"https:\/\/isalointeriorismo.es\/2018\/09\/16\/el-sueno-de-una-noche-de-verano\/\" target=\"_blank\" rel=\"nofollow noopener\">\n\t\t\t\t\t\t\t<img decoding=\"async\" src=\"https:\/\/www.fincaelcercado.com\/wp-content\/uploads\/elementor\/thumbs\/thumb-isaloestudio-oxw4rw302k3lg5ck0eqlhmlpazb7uqsxot4encn70y.jpg\" title=\"thumb-isaloestudio\" alt=\"thumb-isaloestudio\" loading=\"lazy\" \/>\t\t\t\t\t\t\t\t<\/a>\n\t\t\t\t\t\t\t\t\t\t\t\t\t<\/div>\n\t\t\t\t<\/div>\n\t\t\t\t<div class=\"elementor-element elementor-element-3211a18 elementor-widget elementor-widget-heading\" data-id=\"3211a18\" data-element_type=\"widget\" data-widget_type=\"heading.default\">\n\t\t\t\t<div class=\"elementor-widget-container\">\n\t\t\t<h2 class=\"elementor-heading-title elementor-size-default\">Isalo Studio<\/h2>\t\t<\/div>\n\t\t\t\t<\/div>\n\t\t\t\t<div class=\"elementor-element elementor-element-ff031ca elementor-widget elementor-widget-text-editor\" data-id=\"ff031ca\" data-element_type=\"widget\" data-widget_type=\"text-editor.default\">\n\t\t\t\t<div class=\"elementor-widget-container\">\n\t\t\t\t\t\t\t<p class=\"vc_custom_heading\">El sue\u00f1o de una noche de verano<\/p>\t\t\t\t\t\t<\/div>\n\t\t\t\t<\/div>\n\t\t\t\t\t<\/div>\n\t\t<\/div>\n\t\t\t\t<div class=\"elementor-column elementor-col-33 elementor-top-column elementor-element elementor-element-6eab914\" data-id=\"6eab914\" data-element_type=\"column\">\n\t\t\t<div class=\"elementor-widget-wrap elementor-element-populated\">\n\t\t\t\t\t\t<div class=\"elementor-element elementor-element-7c3f39b elementor-widget elementor-widget-image\" data-id=\"7c3f39b\" data-element_type=\"widget\" data-widget_type=\"image.default\">\n\t\t\t\t<div class=\"elementor-widget-container\">\n\t\t\t\t\t\t\t\t\t\t\t\t\t\t<a href=\"https:\/\/www.fincaelcercado.com\/wp-content\/uploads\/Finca-El-Cercado-en-la-revista-Telva-2.jpg\" target=\"_blank\" rel=\"nofollow\">\n\t\t\t\t\t\t\t<img decoding=\"async\" src=\"https:\/\/www.fincaelcercado.com\/wp-content\/uploads\/elementor\/thumbs\/recorteprensa9-finca-el-cercado-n6o0yj2z8ylyfkw007kbpauvjmha37u1l8y9p9z0pe.jpg\" title=\"recorteprensa9-finca-el-cercado\" alt=\"recorteprensa9-finca-el-cercado\" loading=\"lazy\" \/>\t\t\t\t\t\t\t\t<\/a>\n\t\t\t\t\t\t\t\t\t\t\t\t\t<\/div>\n\t\t\t\t<\/div>\n\t\t\t\t<div class=\"elementor-element elementor-element-271e940 elementor-widget elementor-widget-heading\" data-id=\"271e940\" data-element_type=\"widget\" data-widget_type=\"heading.default\">\n\t\t\t\t<div class=\"elementor-widget-container\">\n\t\t\t<h2 class=\"elementor-heading-title elementor-size-default\">Telva<\/h2>\t\t<\/div>\n\t\t\t\t<\/div>\n\t\t\t\t<div class=\"elementor-element elementor-element-b01791d elementor-widget elementor-widget-text-editor\" data-id=\"b01791d\" data-element_type=\"widget\" data-widget_type=\"text-editor.default\">\n\t\t\t\t<div class=\"elementor-widget-container\">\n\t\t\t\t\t\t\t<p class=\"vc_custom_heading\">Escapadas muy especiales<\/p>\t\t\t\t\t\t<\/div>\n\t\t\t\t<\/div>\n\t\t\t\t\t<\/div>\n\t\t<\/div>\n\t\t\t\t<div class=\"elementor-column elementor-col-33 elementor-top-column elementor-element elementor-element-dfbfbb3\" data-id=\"dfbfbb3\" data-element_type=\"column\">\n\t\t\t<div class=\"elementor-widget-wrap elementor-element-populated\">\n\t\t\t\t\t\t<div class=\"elementor-element elementor-element-ca201e3 elementor-widget elementor-widget-image\" data-id=\"ca201e3\" data-element_type=\"widget\" data-widget_type=\"image.default\">\n\t\t\t\t<div class=\"elementor-widget-container\">\n\t\t\t\t\t\t\t\t\t\t\t\t\t\t<a href=\"http:\/\/www.vidapremium.com\/finca-el-cercado-1609.htm#6\" target=\"_blank\" rel=\"nofollow noopener\">\n\t\t\t\t\t\t\t<img loading=\"lazy\" decoding=\"async\" width=\"768\" height=\"536\" src=\"https:\/\/www.fincaelcercado.com\/wp-content\/uploads\/recorteprensa3-finca-el-cercado-768x536.jpg\" class=\"attachment-medium_large size-medium_large wp-image-7994\" alt=\"\" srcset=\"https:\/\/www.fincaelcercado.com\/wp-content\/uploads\/recorteprensa3-finca-el-cercado-768x536.jpg 768w, https:\/\/www.fincaelcercado.com\/wp-content\/uploads\/recorteprensa3-finca-el-cercado.jpg 500w\" sizes=\"(max-width: 768px) 100vw, 768px\" \/>\t\t\t\t\t\t\t\t<\/a>\n\t\t\t\t\t\t\t\t\t\t\t\t\t<\/div>\n\t\t\t\t<\/div>\n\t\t\t\t<div class=\"elementor-element elementor-element-ef7d0ff elementor-widget elementor-widget-heading\" data-id=\"ef7d0ff\" data-element_type=\"widget\" data-widget_type=\"heading.default\">\n\t\t\t\t<div class=\"elementor-widget-container\">\n\t\t\t<h2 class=\"elementor-heading-title elementor-size-default\">Vida Premium<\/h2>\t\t<\/div>\n\t\t\t\t<\/div>\n\t\t\t\t<div class=\"elementor-element elementor-element-932b5d6 elementor-widget elementor-widget-text-editor\" data-id=\"932b5d6\" data-element_type=\"widget\" data-widget_type=\"text-editor.default\">\n\t\t\t\t<div class=\"elementor-widget-container\">\n\t\t\t\t\t\t\t<p class=\"vc_custom_heading\">Enclave tur\u00edstico de lujo<\/p>\t\t\t\t\t\t<\/div>\n\t\t\t\t<\/div>\n\t\t\t\t\t<\/div>\n\t\t<\/div>\n\t\t\t\t\t<\/div>\n\t\t<\/section>\n\t\t\t\t<section class=\"elementor-section elementor-top-section elementor-element elementor-element-ad7212e elementor-section-boxed elementor-section-height-default elementor-section-height-default\" data-id=\"ad7212e\" data-element_type=\"section\">\n\t\t\t\t\t\t<div class=\"elementor-container elementor-column-gap-default\">\n\t\t\t\t\t<div class=\"elementor-column elementor-col-33 elementor-top-column elementor-element elementor-element-58fed30\" data-id=\"58fed30\" data-element_type=\"column\">\n\t\t\t<div class=\"elementor-widget-wrap elementor-element-populated\">\n\t\t\t\t\t\t<div class=\"elementor-element elementor-element-83fe4a6 elementor-widget elementor-widget-image\" data-id=\"83fe4a6\" data-element_type=\"widget\" data-widget_type=\"image.default\">\n\t\t\t\t<div class=\"elementor-widget-container\">\n\t\t\t\t\t\t\t\t\t\t\t\t\t\t<a href=\"https:\/\/www.fincaelcercado.com\/wp-content\/uploads\/VIAJAR-ABC.jpg\" target=\"_blank\" rel=\"nofollow\">\n\t\t\t\t\t\t\t<img decoding=\"async\" src=\"https:\/\/www.fincaelcercado.com\/wp-content\/uploads\/elementor\/thumbs\/recorteprensa5-finca-el-cercado-n6o0yoq0dytod8nt3a0349fn3xphdegfm0v6kxqno2.jpg\" title=\"recorteprensa5-finca-el-cercado\" alt=\"recorteprensa5-finca-el-cercado\" loading=\"lazy\" \/>\t\t\t\t\t\t\t\t<\/a>\n\t\t\t\t\t\t\t\t\t\t\t\t\t<\/div>\n\t\t\t\t<\/div>\n\t\t\t\t<div class=\"elementor-element elementor-element-bed5c83 elementor-widget elementor-widget-heading\" data-id=\"bed5c83\" data-element_type=\"widget\" data-widget_type=\"heading.default\">\n\t\t\t\t<div class=\"elementor-widget-container\">\n\t\t\t<h2 class=\"elementor-heading-title elementor-size-default\">ABC - Viajar<\/h2>\t\t<\/div>\n\t\t\t\t<\/div>\n\t\t\t\t<div class=\"elementor-element elementor-element-75c1009 elementor-widget elementor-widget-text-editor\" data-id=\"75c1009\" data-element_type=\"widget\" data-widget_type=\"text-editor.default\">\n\t\t\t\t<div class=\"elementor-widget-container\">\n\t\t\t\t\t\t\t<div class=\"vc_col-sm-4 wpb_column column_container columns \"><div class=\"wpb_wrapper\"><p class=\"vc_custom_heading\">Casas rurales para quedarse a vivir<\/p><\/div><\/div><div class=\"vc_col-sm-4 wpb_column column_container columns \">\u00a0<\/div>\t\t\t\t\t\t<\/div>\n\t\t\t\t<\/div>\n\t\t\t\t\t<\/div>\n\t\t<\/div>\n\t\t\t\t<div class=\"elementor-column elementor-col-33 elementor-top-column elementor-element elementor-element-b0a7538\" data-id=\"b0a7538\" data-element_type=\"column\">\n\t\t\t<div class=\"elementor-widget-wrap elementor-element-populated\">\n\t\t\t\t\t\t<div class=\"elementor-element elementor-element-bee3934 elementor-widget elementor-widget-image\" data-id=\"bee3934\" data-element_type=\"widget\" data-widget_type=\"image.default\">\n\t\t\t\t<div class=\"elementor-widget-container\">\n\t\t\t\t\t\t\t\t\t\t\t\t\t\t<a href=\"https:\/\/www.fincaelcercado.com\/wp-content\/uploads\/Observatorio-Turismo-Rural.pdf\" target=\"_blank\" rel=\"nofollow\">\n\t\t\t\t\t\t\t<img decoding=\"async\" src=\"https:\/\/www.fincaelcercado.com\/wp-content\/uploads\/elementor\/thumbs\/recorteprensa4-finca-el-cercado-n6o0yqlormw90gl2satc98ykapg7ssnwaa65jhnvbm.jpg\" title=\"recorteprensa4-finca-el-cercado\" alt=\"recorteprensa4-finca-el-cercado\" loading=\"lazy\" \/>\t\t\t\t\t\t\t\t<\/a>\n\t\t\t\t\t\t\t\t\t\t\t\t\t<\/div>\n\t\t\t\t<\/div>\n\t\t\t\t<div class=\"elementor-element elementor-element-3854e9d elementor-widget elementor-widget-heading\" data-id=\"3854e9d\" data-element_type=\"widget\" data-widget_type=\"heading.default\">\n\t\t\t\t<div class=\"elementor-widget-container\">\n\t\t\t<h2 class=\"elementor-heading-title elementor-size-default\">Observatorio Tur\u00edstico de Palencia<\/h2>\t\t<\/div>\n\t\t\t\t<\/div>\n\t\t\t\t<div class=\"elementor-element elementor-element-5affdbb elementor-widget elementor-widget-text-editor\" data-id=\"5affdbb\" data-element_type=\"widget\" data-widget_type=\"text-editor.default\">\n\t\t\t\t<div class=\"elementor-widget-container\">\n\t\t\t\t\t\t\t<p class=\"vc_custom_heading\">Con nuestra gente<\/p>\t\t\t\t\t\t<\/div>\n\t\t\t\t<\/div>\n\t\t\t\t\t<\/div>\n\t\t<\/div>\n\t\t\t\t<div class=\"elementor-column elementor-col-33 elementor-top-column elementor-element elementor-element-ba8b249\" data-id=\"ba8b249\" data-element_type=\"column\">\n\t\t\t<div class=\"elementor-widget-wrap elementor-element-populated\">\n\t\t\t\t\t\t<div class=\"elementor-element elementor-element-2de6847 elementor-widget elementor-widget-image\" data-id=\"2de6847\" data-element_type=\"widget\" data-widget_type=\"image.default\">\n\t\t\t\t<div class=\"elementor-widget-container\">\n\t\t\t\t\t\t\t\t\t\t\t\t\t\t<a href=\"https:\/\/www.fincaelcercado.com\/wp-content\/uploads\/FINCA-EL-CERCADO-COLUMNA-ILIA-GAL%C3%81N-IMAGEN.jpg\" target=\"_blank\" rel=\"nofollow\">\n\t\t\t\t\t\t\t<img loading=\"lazy\" decoding=\"async\" width=\"768\" height=\"536\" src=\"https:\/\/www.fincaelcercado.com\/wp-content\/uploads\/recorteprensa10-finca-el-cercado-768x536.jpg\" class=\"attachment-medium_large size-medium_large wp-image-7986\" alt=\"\" srcset=\"https:\/\/www.fincaelcercado.com\/wp-content\/uploads\/recorteprensa10-finca-el-cercado-768x536.jpg 768w, https:\/\/www.fincaelcercado.com\/wp-content\/uploads\/recorteprensa10-finca-el-cercado.jpg 500w\" sizes=\"(max-width: 768px) 100vw, 768px\" \/>\t\t\t\t\t\t\t\t<\/a>\n\t\t\t\t\t\t\t\t\t\t\t\t\t<\/div>\n\t\t\t\t<\/div>\n\t\t\t\t<div class=\"elementor-element elementor-element-5183c78 elementor-widget elementor-widget-heading\" data-id=\"5183c78\" data-element_type=\"widget\" data-widget_type=\"heading.default\">\n\t\t\t\t<div class=\"elementor-widget-container\">\n\t\t\t<h2 class=\"elementor-heading-title elementor-size-default\">Diario Palentino - Ilia Gal\u00e1n<\/h2>\t\t<\/div>\n\t\t\t\t<\/div>\n\t\t\t\t<div class=\"elementor-element elementor-element-8a6027e elementor-widget elementor-widget-text-editor\" data-id=\"8a6027e\" data-element_type=\"widget\" data-widget_type=\"text-editor.default\">\n\t\t\t\t<div class=\"elementor-widget-container\">\n\t\t\t\t\t\t\t<p class=\"vc_custom_heading\">Mecenas desde Baltan\u00e1s<\/p>\t\t\t\t\t\t<\/div>\n\t\t\t\t<\/div>\n\t\t\t\t\t<\/div>\n\t\t<\/div>\n\t\t\t\t\t<\/div>\n\t\t<\/section>\n\t\t\t\t<section class=\"elementor-section elementor-top-section elementor-element elementor-element-882b95d elementor-section-boxed elementor-section-height-default elementor-section-height-default\" data-id=\"882b95d\" data-element_type=\"section\">\n\t\t\t\t\t\t<div class=\"elementor-container elementor-column-gap-default\">\n\t\t\t\t\t<div class=\"elementor-column elementor-col-33 elementor-top-column elementor-element elementor-element-48e7f10\" data-id=\"48e7f10\" data-element_type=\"column\">\n\t\t\t<div class=\"elementor-widget-wrap elementor-element-populated\">\n\t\t\t\t\t\t<div class=\"elementor-element elementor-element-10b3af8 elementor-widget elementor-widget-image\" data-id=\"10b3af8\" data-element_type=\"widget\" data-widget_type=\"image.default\">\n\t\t\t\t<div class=\"elementor-widget-container\">\n\t\t\t\t\t\t\t\t\t\t\t\t\t\t<a href=\"https:\/\/issuu.com\/librerialinneo\/docs\/tr158\" target=\"_blank\" rel=\"nofollow noopener\">\n\t\t\t\t\t\t\t<img decoding=\"async\" src=\"https:\/\/www.fincaelcercado.com\/wp-content\/uploads\/elementor\/thumbs\/turismo-rural-recorte-portada-n6o56p6dnex1yzurfzi1cwh9l8gg77xp6f02lwclea.jpg\" title=\"turismo-rural-recorte-portada\" alt=\"turismo-rural-recorte-portada\" loading=\"lazy\" \/>\t\t\t\t\t\t\t\t<\/a>\n\t\t\t\t\t\t\t\t\t\t\t\t\t<\/div>\n\t\t\t\t<\/div>\n\t\t\t\t<div class=\"elementor-element elementor-element-bda069e elementor-widget elementor-widget-heading\" data-id=\"bda069e\" data-element_type=\"widget\" data-widget_type=\"heading.default\">\n\t\t\t\t<div class=\"elementor-widget-container\">\n\t\t\t<h2 class=\"elementor-heading-title elementor-size-default\">Revista Turismo Rural<\/h2>\t\t<\/div>\n\t\t\t\t<\/div>\n\t\t\t\t<div class=\"elementor-element elementor-element-cd21acc elementor-widget elementor-widget-text-editor\" data-id=\"cd21acc\" data-element_type=\"widget\" data-widget_type=\"text-editor.default\">\n\t\t\t\t<div class=\"elementor-widget-container\">\n\t\t\t\t\t\t\t<div class=\"vc_col-sm-4 wpb_column column_container columns \"><div class=\"wpb_wrapper\"><p class=\"vc_custom_heading\">Vacaciones a cuerpo de rey<\/p><\/div><\/div>\t\t\t\t\t\t<\/div>\n\t\t\t\t<\/div>\n\t\t\t\t\t<\/div>\n\t\t<\/div>\n\t\t\t\t<div class=\"elementor-column elementor-col-33 elementor-top-column elementor-element elementor-element-6bf1e2f\" data-id=\"6bf1e2f\" data-element_type=\"column\">\n\t\t\t<div class=\"elementor-widget-wrap elementor-element-populated\">\n\t\t\t\t\t\t<div class=\"elementor-element elementor-element-16b612d elementor-widget elementor-widget-image\" data-id=\"16b612d\" data-element_type=\"widget\" data-widget_type=\"image.default\">\n\t\t\t\t<div class=\"elementor-widget-container\">\n\t\t\t\t\t\t\t\t\t\t\t\t\t\t<a href=\"http:\/\/www.elnortedecastilla.es\/palencia\/201607\/11\/finca-cercado-sera-sede-20160711180923.html\" target=\"_blank\" rel=\"nofollow noopener\">\n\t\t\t\t\t\t\t<img decoding=\"async\" src=\"https:\/\/www.fincaelcercado.com\/wp-content\/uploads\/elementor\/thumbs\/recorteprensa7-finca-el-cercado-n6o0ykynmmoj2st9p8dkuadsqe80im1i9i98ntw8cy.jpg\" title=\"recorteprensa7-finca-el-cercado\" alt=\"recorteprensa7-finca-el-cercado\" loading=\"lazy\" \/>\t\t\t\t\t\t\t\t<\/a>\n\t\t\t\t\t\t\t\t\t\t\t\t\t<\/div>\n\t\t\t\t<\/div>\n\t\t\t\t<div class=\"elementor-element elementor-element-175b7b6 elementor-widget elementor-widget-heading\" data-id=\"175b7b6\" data-element_type=\"widget\" data-widget_type=\"heading.default\">\n\t\t\t\t<div class=\"elementor-widget-container\">\n\t\t\t<h2 class=\"elementor-heading-title elementor-size-default\">El Norte de Castilla<\/h2>\t\t<\/div>\n\t\t\t\t<\/div>\n\t\t\t\t<div class=\"elementor-element elementor-element-c6a02d8 elementor-widget elementor-widget-text-editor\" data-id=\"c6a02d8\" data-element_type=\"widget\" data-widget_type=\"text-editor.default\">\n\t\t\t\t<div class=\"elementor-widget-container\">\n\t\t\t\t\t\t\t<p class=\"vc_custom_heading\">El Cercado sede Academia de \u00d3rgano<\/p>\t\t\t\t\t\t<\/div>\n\t\t\t\t<\/div>\n\t\t\t\t\t<\/div>\n\t\t<\/div>\n\t\t\t\t<div class=\"elementor-column elementor-col-33 elementor-top-column elementor-element elementor-element-5e3dc74\" data-id=\"5e3dc74\" data-element_type=\"column\">\n\t\t\t<div class=\"elementor-widget-wrap elementor-element-populated\">\n\t\t\t\t\t\t<div class=\"elementor-element elementor-element-bcd346d elementor-widget elementor-widget-image\" data-id=\"bcd346d\" data-element_type=\"widget\" data-widget_type=\"image.default\">\n\t\t\t\t<div class=\"elementor-widget-container\">\n\t\t\t\t\t\t\t\t\t\t\t\t\t\t<a href=\"https:\/\/www.fincaelcercado.com\/wp-content\/uploads\/DP-fincaelcercado-fray-joseph.jpg\" target=\"_blank\" rel=\"nofollow\">\n\t\t\t\t\t\t\t<img loading=\"lazy\" decoding=\"async\" width=\"768\" height=\"536\" src=\"https:\/\/www.fincaelcercado.com\/wp-content\/uploads\/dp-fray-joseph-echevarria-finca-el-cercado-768x536.jpg\" class=\"attachment-medium_large size-medium_large wp-image-8033\" alt=\"\" srcset=\"https:\/\/www.fincaelcercado.com\/wp-content\/uploads\/dp-fray-joseph-echevarria-finca-el-cercado-768x536.jpg 768w, https:\/\/www.fincaelcercado.com\/wp-content\/uploads\/dp-fray-joseph-echevarria-finca-el-cercado.jpg 500w\" sizes=\"(max-width: 768px) 100vw, 768px\" \/>\t\t\t\t\t\t\t\t<\/a>\n\t\t\t\t\t\t\t\t\t\t\t\t\t<\/div>\n\t\t\t\t<\/div>\n\t\t\t\t<div class=\"elementor-element elementor-element-089df1d elementor-widget elementor-widget-heading\" data-id=\"089df1d\" data-element_type=\"widget\" data-widget_type=\"heading.default\">\n\t\t\t\t<div class=\"elementor-widget-container\">\n\t\t\t<h2 class=\"elementor-heading-title elementor-size-default\">Diario Palentino<\/h2>\t\t<\/div>\n\t\t\t\t<\/div>\n\t\t\t\t<div class=\"elementor-element elementor-element-983b245 elementor-widget elementor-widget-text-editor\" data-id=\"983b245\" data-element_type=\"widget\" data-widget_type=\"text-editor.default\">\n\t\t\t\t<div class=\"elementor-widget-container\">\n\t\t\t\t\t\t\t<p class=\"vc_custom_heading\">XX Ciclo Academia de \u00d3rgano<\/p>\t\t\t\t\t\t<\/div>\n\t\t\t\t<\/div>\n\t\t\t\t\t<\/div>\n\t\t<\/div>\n\t\t\t\t\t<\/div>\n\t\t<\/section>\n\t\t\t\t<section class=\"elementor-section elementor-top-section elementor-element elementor-element-d7a362a elementor-section-boxed elementor-section-height-default elementor-section-height-default\" data-id=\"d7a362a\" data-element_type=\"section\">\n\t\t\t\t\t\t<div class=\"elementor-container elementor-column-gap-default\">\n\t\t\t\t\t<div class=\"elementor-column elementor-col-33 elementor-top-column elementor-element elementor-element-3300102\" data-id=\"3300102\" data-element_type=\"column\">\n\t\t\t<div class=\"elementor-widget-wrap elementor-element-populated\">\n\t\t\t\t\t\t<div class=\"elementor-element elementor-element-33eceac elementor-widget elementor-widget-image\" data-id=\"33eceac\" data-element_type=\"widget\" data-widget_type=\"image.default\">\n\t\t\t\t<div class=\"elementor-widget-container\">\n\t\t\t\t\t\t\t\t\t\t\t\t\t\t<a href=\"https:\/\/www.mundodelujos.com\/viajar\/nuevo-espacio-dedicado-al-turismo-vivencial-de-calidad-en-el-corazon-de-castilla\/\" target=\"_blank\" rel=\"nofollow noopener\">\n\t\t\t\t\t\t\t<img decoding=\"async\" src=\"https:\/\/www.fincaelcercado.com\/wp-content\/uploads\/elementor\/thumbs\/recorteprensa8-finca-el-cercado-n6o0yj2z8ylyfkw007kbpauvjmha37u1l8y9p9z0pe.jpg\" title=\"recorteprensa8-finca-el-cercado\" alt=\"recorteprensa8-finca-el-cercado\" loading=\"lazy\" \/>\t\t\t\t\t\t\t\t<\/a>\n\t\t\t\t\t\t\t\t\t\t\t\t\t<\/div>\n\t\t\t\t<\/div>\n\t\t\t\t<div class=\"elementor-element elementor-element-32d38c9 elementor-widget elementor-widget-heading\" data-id=\"32d38c9\" data-element_type=\"widget\" data-widget_type=\"heading.default\">\n\t\t\t\t<div class=\"elementor-widget-container\">\n\t\t\t<h2 class=\"elementor-heading-title elementor-size-default\">Mundo de Lujos<\/h2>\t\t<\/div>\n\t\t\t\t<\/div>\n\t\t\t\t<div class=\"elementor-element elementor-element-24c8f24 elementor-widget elementor-widget-text-editor\" data-id=\"24c8f24\" data-element_type=\"widget\" data-widget_type=\"text-editor.default\">\n\t\t\t\t<div class=\"elementor-widget-container\">\n\t\t\t\t\t\t\t<div class=\"vc_col-sm-4 wpb_column column_container columns \"><div class=\"wpb_wrapper\"><p class=\"vc_custom_heading\">Turismo vivencial de calidad<\/p><\/div><\/div>\t\t\t\t\t\t<\/div>\n\t\t\t\t<\/div>\n\t\t\t\t\t<\/div>\n\t\t<\/div>\n\t\t\t\t<div class=\"elementor-column elementor-col-33 elementor-top-column elementor-element elementor-element-a937a59\" data-id=\"a937a59\" data-element_type=\"column\">\n\t\t\t<div class=\"elementor-widget-wrap elementor-element-populated\">\n\t\t\t\t\t\t<div class=\"elementor-element elementor-element-e405c55 elementor-widget elementor-widget-image\" data-id=\"e405c55\" data-element_type=\"widget\" data-widget_type=\"image.default\">\n\t\t\t\t<div class=\"elementor-widget-container\">\n\t\t\t\t\t\t\t\t\t\t\t\t\t\t<a href=\"http:\/\/viajes.elmundo.es\/2016\/06\/17\/hoteles\/1466170708.html\" target=\"_blank\" rel=\"nofollow noopener\">\n\t\t\t\t\t\t\t<img decoding=\"async\" src=\"https:\/\/www.fincaelcercado.com\/wp-content\/uploads\/elementor\/thumbs\/ocho-leguas-n6o0yshd5aytnoichbmle8hhhh6y86vcyjh4i1l2z6.jpg\" title=\"ocho-leguas\" alt=\"ocho-leguas\" loading=\"lazy\" \/>\t\t\t\t\t\t\t\t<\/a>\n\t\t\t\t\t\t\t\t\t\t\t\t\t<\/div>\n\t\t\t\t<\/div>\n\t\t\t\t<div class=\"elementor-element elementor-element-9dff662 elementor-widget elementor-widget-heading\" data-id=\"9dff662\" data-element_type=\"widget\" data-widget_type=\"heading.default\">\n\t\t\t\t<div class=\"elementor-widget-container\">\n\t\t\t<h2 class=\"elementor-heading-title elementor-size-default\">El Mundo - Ocho Leguas<\/h2>\t\t<\/div>\n\t\t\t\t<\/div>\n\t\t\t\t<div class=\"elementor-element elementor-element-d13f6d5 elementor-widget elementor-widget-text-editor\" data-id=\"d13f6d5\" data-element_type=\"widget\" data-widget_type=\"text-editor.default\">\n\t\t\t\t<div class=\"elementor-widget-container\">\n\t\t\t\t\t\t\t<p class=\"vc_custom_heading\">Refugios rurales para los urbanitas<\/p>\t\t\t\t\t\t<\/div>\n\t\t\t\t<\/div>\n\t\t\t\t\t<\/div>\n\t\t<\/div>\n\t\t\t\t<div class=\"elementor-column elementor-col-33 elementor-top-column elementor-element elementor-element-9f1c70c\" data-id=\"9f1c70c\" data-element_type=\"column\">\n\t\t\t<div class=\"elementor-widget-wrap elementor-element-populated\">\n\t\t\t\t\t\t<div class=\"elementor-element elementor-element-58646e2 elementor-widget elementor-widget-image\" data-id=\"58646e2\" data-element_type=\"widget\" data-widget_type=\"image.default\">\n\t\t\t\t<div class=\"elementor-widget-container\">\n\t\t\t\t\t\t\t\t\t\t\t\t\t\t<a href=\"http:\/\/www.elnortedecastilla.es\/palencia\/201606\/13\/espacio-para-turismo-calidad-20160613120838.html\" target=\"_blank\" rel=\"nofollow noopener\">\n\t\t\t\t\t\t\t<img loading=\"lazy\" decoding=\"async\" width=\"768\" height=\"536\" src=\"https:\/\/www.fincaelcercado.com\/wp-content\/uploads\/recorteprensa1-finca-el-cercado-768x536.jpg\" class=\"attachment-medium_large size-medium_large wp-image-8010\" alt=\"\" srcset=\"https:\/\/www.fincaelcercado.com\/wp-content\/uploads\/recorteprensa1-finca-el-cercado-768x536.jpg 768w, https:\/\/www.fincaelcercado.com\/wp-content\/uploads\/recorteprensa1-finca-el-cercado.jpg 500w\" sizes=\"(max-width: 768px) 100vw, 768px\" \/>\t\t\t\t\t\t\t\t<\/a>\n\t\t\t\t\t\t\t\t\t\t\t\t\t<\/div>\n\t\t\t\t<\/div>\n\t\t\t\t<div class=\"elementor-element elementor-element-e4b5904 elementor-widget elementor-widget-heading\" data-id=\"e4b5904\" data-element_type=\"widget\" data-widget_type=\"heading.default\">\n\t\t\t\t<div class=\"elementor-widget-container\">\n\t\t\t<h2 class=\"elementor-heading-title elementor-size-default\">El Norte de Castilla - Palencia<\/h2>\t\t<\/div>\n\t\t\t\t<\/div>\n\t\t\t\t<div class=\"elementor-element elementor-element-c6f9aaf elementor-widget elementor-widget-text-editor\" data-id=\"c6f9aaf\" data-element_type=\"widget\" data-widget_type=\"text-editor.default\">\n\t\t\t\t<div class=\"elementor-widget-container\">\n\t\t\t\t\t\t\t<p class=\"vc_custom_heading\">Un espacio para turismo de calidad<\/p>\t\t\t\t\t\t<\/div>\n\t\t\t\t<\/div>\n\t\t\t\t\t<\/div>\n\t\t<\/div>\n\t\t\t\t\t<\/div>\n\t\t<\/section>\n\t\t\t\t<section class=\"elementor-section elementor-top-section elementor-element elementor-element-d07d988 elementor-section-boxed elementor-section-height-default elementor-section-height-default\" data-id=\"d07d988\" data-element_type=\"section\">\n\t\t\t\t\t\t<div class=\"elementor-container elementor-column-gap-default\">\n\t\t\t\t\t<div class=\"elementor-column elementor-col-33 elementor-top-column elementor-element elementor-element-5bbc696\" data-id=\"5bbc696\" data-element_type=\"column\">\n\t\t\t<div class=\"elementor-widget-wrap elementor-element-populated\">\n\t\t\t\t\t\t<div class=\"elementor-element elementor-element-9b16fad elementor-widget elementor-widget-image\" data-id=\"9b16fad\" data-element_type=\"widget\" data-widget_type=\"image.default\">\n\t\t\t\t<div class=\"elementor-widget-container\">\n\t\t\t\t\t\t\t\t\t\t\t\t\t\t<a href=\"https:\/\/www.fincaelcercado.com\/wp-content\/uploads\/Diario-Palentino-10-06-2016-EL-CERCADO.jpg\" target=\"_blank\" rel=\"nofollow\">\n\t\t\t\t\t\t\t<img decoding=\"async\" src=\"https:\/\/www.fincaelcercado.com\/wp-content\/uploads\/elementor\/thumbs\/recorteprensa2-finca-el-cercado-n6o20ypep3815l27ktn5nlpdyt1ktoexjh904kziaa.jpg\" title=\"recorteprensa2-finca-el-cercado\" alt=\"recorteprensa2-finca-el-cercado\" loading=\"lazy\" \/>\t\t\t\t\t\t\t\t<\/a>\n\t\t\t\t\t\t\t\t\t\t\t\t\t<\/div>\n\t\t\t\t<\/div>\n\t\t\t\t<div class=\"elementor-element elementor-element-89d8944 elementor-widget elementor-widget-heading\" data-id=\"89d8944\" data-element_type=\"widget\" data-widget_type=\"heading.default\">\n\t\t\t\t<div class=\"elementor-widget-container\">\n\t\t\t<h2 class=\"elementor-heading-title elementor-size-default\">Diario Palentino<\/h2>\t\t<\/div>\n\t\t\t\t<\/div>\n\t\t\t\t<div class=\"elementor-element elementor-element-eeb213f elementor-widget elementor-widget-text-editor\" data-id=\"eeb213f\" data-element_type=\"widget\" data-widget_type=\"text-editor.default\">\n\t\t\t\t<div class=\"elementor-widget-container\">\n\t\t\t\t\t\t\t<div class=\"vc_col-sm-4 wpb_column column_container columns \"><div class=\"wpb_wrapper\"><p class=\"vc_custom_heading\">Baltan\u00e1s en el turismo de lujo<\/p><\/div><\/div>\t\t\t\t\t\t<\/div>\n\t\t\t\t<\/div>\n\t\t\t\t\t<\/div>\n\t\t<\/div>\n\t\t\t\t<div class=\"elementor-column elementor-col-33 elementor-top-column elementor-element elementor-element-65b219a\" data-id=\"65b219a\" data-element_type=\"column\">\n\t\t\t<div class=\"elementor-widget-wrap elementor-element-populated\">\n\t\t\t\t\t\t<div class=\"elementor-element elementor-element-85fbe78 elementor-widget elementor-widget-image\" data-id=\"85fbe78\" data-element_type=\"widget\" data-widget_type=\"image.default\">\n\t\t\t\t<div class=\"elementor-widget-container\">\n\t\t\t\t\t\t\t\t\t\t\t\t\t\t<a href=\"http:\/\/www.diariopalentino.es\/noticia\/Z3D357F7F-CB25-609E-690C11951D3FD025\/20160522\/nace\/baltanas\/proyecto\/mecenazgo\/cultural\" target=\"_blank\" rel=\"nofollow noopener\">\n\t\t\t\t\t\t\t<img decoding=\"async\" src=\"https:\/\/www.fincaelcercado.com\/wp-content\/uploads\/elementor\/thumbs\/recorte-dp-n6o2nxvdraocyfoper6ulsz0pvskzbmq17cag2x26q.jpg\" title=\"recorte-dp\" alt=\"recorte-dp\" loading=\"lazy\" \/>\t\t\t\t\t\t\t\t<\/a>\n\t\t\t\t\t\t\t\t\t\t\t\t\t<\/div>\n\t\t\t\t<\/div>\n\t\t\t\t<div class=\"elementor-element elementor-element-49c01cc elementor-widget elementor-widget-heading\" data-id=\"49c01cc\" data-element_type=\"widget\" data-widget_type=\"heading.default\">\n\t\t\t\t<div class=\"elementor-widget-container\">\n\t\t\t<h2 class=\"elementor-heading-title elementor-size-default\">Diario Palentino<\/h2>\t\t<\/div>\n\t\t\t\t<\/div>\n\t\t\t\t<div class=\"elementor-element elementor-element-c5f4f41 elementor-widget elementor-widget-text-editor\" data-id=\"c5f4f41\" data-element_type=\"widget\" data-widget_type=\"text-editor.default\">\n\t\t\t\t<div class=\"elementor-widget-container\">\n\t\t\t\t\t\t\t<p class=\"vc_custom_heading\">Cultura, patrimonio y naturaleza<\/p>\t\t\t\t\t\t<\/div>\n\t\t\t\t<\/div>\n\t\t\t\t\t<\/div>\n\t\t<\/div>\n\t\t\t\t<div class=\"elementor-column elementor-col-33 elementor-top-column elementor-element elementor-element-ce28b8e\" data-id=\"ce28b8e\" data-element_type=\"column\">\n\t\t\t<div class=\"elementor-widget-wrap elementor-element-populated\">\n\t\t\t\t\t\t<div class=\"elementor-element elementor-element-f1d425d elementor-widget elementor-widget-image\" data-id=\"f1d425d\" data-element_type=\"widget\" data-widget_type=\"image.default\">\n\t\t\t\t<div class=\"elementor-widget-container\">\n\t\t\t\t\t\t\t\t\t\t\t\t\t\t<a href=\"http:\/\/www.diariopalentino.es\/noticia\/ZB0C0F1D8-CD92-8104-B60A906520F7C0DB\/20150611\/restauracion\/hechuras\/premio\" target=\"_blank\" rel=\"nofollow noopener\">\n\t\t\t\t\t\t\t<img loading=\"lazy\" decoding=\"async\" width=\"768\" height=\"535\" src=\"https:\/\/www.fincaelcercado.com\/wp-content\/uploads\/dp-tamara-santoyo-768x535.jpg\" class=\"attachment-medium_large size-medium_large wp-image-8036\" alt=\"\" srcset=\"https:\/\/www.fincaelcercado.com\/wp-content\/uploads\/dp-tamara-santoyo-768x535.jpg 768w, https:\/\/www.fincaelcercado.com\/wp-content\/uploads\/dp-tamara-santoyo.jpg 1500w\" sizes=\"(max-width: 768px) 100vw, 768px\" \/>\t\t\t\t\t\t\t\t<\/a>\n\t\t\t\t\t\t\t\t\t\t\t\t\t<\/div>\n\t\t\t\t<\/div>\n\t\t\t\t<div class=\"elementor-element elementor-element-1e90304 elementor-widget elementor-widget-heading\" data-id=\"1e90304\" data-element_type=\"widget\" data-widget_type=\"heading.default\">\n\t\t\t\t<div class=\"elementor-widget-container\">\n\t\t\t<h2 class=\"elementor-heading-title elementor-size-default\">Diario Palentino<\/h2>\t\t<\/div>\n\t\t\t\t<\/div>\n\t\t\t\t<div class=\"elementor-element elementor-element-f2b5523 elementor-widget elementor-widget-text-editor\" data-id=\"f2b5523\" data-element_type=\"widget\" data-widget_type=\"text-editor.default\">\n\t\t\t\t<div class=\"elementor-widget-container\">\n\t\t\t\t\t\t\t<p class=\"vc_custom_heading\">Patrimonio organ\u00edstico<\/p>\t\t\t\t\t\t<\/div>\n\t\t\t\t<\/div>\n\t\t\t\t\t<\/div>\n\t\t<\/div>\n\t\t\t\t\t<\/div>\n\t\t<\/section>\n\t\t\t\t<\/div>\n\t\t","protected":false},"excerpt":{"rendered":"<p>Press Revista M\u00e1s Castilla y Le\u00f3n Una visita a Finca El Cercado Cond\u00e9 Nast Traveler Finca El Cercado: una buc\u00f3lica casa rural entre los campos cerealistas del Cerrato Palentino https:\/\/youtu.be\/tQ-CZd4dWaA Radio El Picaporte Experiencias de Astroturismo &#8220;Los Cielos de Castilla&#8221; Gastro Madrid Las mejores casas rurales con encanto de Castilla y Le\u00f3n https:\/\/youtu.be\/AH9QTdktxLA Castilla y &#8230; <a title=\"Press\" class=\"read-more\" href=\"https:\/\/www.fincaelcercado.com\/en\/press\/\" aria-label=\"More on Press\">Read more<\/a><\/p>\n","protected":false},"author":7,"featured_media":8499,"parent":0,"menu_order":0,"comment_status":"closed","ping_status":"closed","template":"elementor_header_footer","meta":{"footnotes":""},"_links":{"self":[{"href":"https:\/\/www.fincaelcercado.com\/en\/wp-json\/wp\/v2\/pages\/8040"}],"collection":[{"href":"https:\/\/www.fincaelcercado.com\/en\/wp-json\/wp\/v2\/pages"}],"about":[{"href":"https:\/\/www.fincaelcercado.com\/en\/wp-json\/wp\/v2\/types\/page"}],"author":[{"embeddable":true,"href":"https:\/\/www.fincaelcercado.com\/en\/wp-json\/wp\/v2\/users\/7"}],"replies":[{"embeddable":true,"href":"https:\/\/www.fincaelcercado.com\/en\/wp-json\/wp\/v2\/comments?post=8040"}],"version-history":[{"count":59,"href":"https:\/\/www.fincaelcercado.com\/en\/wp-json\/wp\/v2\/pages\/8040\/revisions"}],"predecessor-version":[{"id":12752,"href":"https:\/\/www.fincaelcercado.com\/en\/wp-json\/wp\/v2\/pages\/8040\/revisions\/12752"}],"wp:featuredmedia":[{"embeddable":true,"href":"https:\/\/www.fincaelcercado.com\/en\/wp-json\/wp\/v2\/media\/8499"}],"wp:attachment":[{"href":"https:\/\/www.fincaelcercado.com\/en\/wp-json\/wp\/v2\/media?parent=8040"}],"curies":[{"name":"wp","href":"https:\/\/api.w.org\/{rel}","templated":true}]}}